{"id":171,"date":"2019-07-22T15:56:30","date_gmt":"2019-07-22T13:56:30","guid":{"rendered":"https:\/\/profession.katag.net\/?page_id=171"},"modified":"2024-07-05T12:43:33","modified_gmt":"2024-07-05T10:43:33","slug":"datenschutz","status":"publish","type":"page","link":"https:\/\/katagprofession.com\/en\/datenschutz\/","title":{"rendered":"Privacy Policy"},"content":{"rendered":"[et_pb_section fb_built=&#8220;1&#8243; _builder_version=&#8220;4.24.2&#8243; _module_preset=&#8220;default&#8220; background_color=&#8220;#0a0a0a&#8220; custom_margin=&#8220;-175px||||false|false&#8220; custom_padding=&#8220;56px||73px||false|false&#8220; da_disable_devices=&#8220;off|off|off&#8220; global_colors_info=&#8220;{}&#8220; da_is_popup=&#8220;off&#8220; da_exit_intent=&#8220;off&#8220; da_has_close=&#8220;on&#8220; da_alt_close=&#8220;off&#8220; da_dark_close=&#8220;off&#8220; da_not_modal=&#8220;on&#8220; da_is_singular=&#8220;off&#8220; da_with_loader=&#8220;off&#8220; da_has_shadow=&#8220;on&#8220;][et_pb_row _builder_version=&#8220;4.24.2&#8243; _module_preset=&#8220;default&#8220; global_colors_info=&#8220;{}&#8220;][et_pb_column type=&#8220;4_4&#8243; _builder_version=&#8220;4.24.2&#8243; _module_preset=&#8220;default&#8220; global_colors_info=&#8220;{}&#8220;][et_pb_divider show_divider=&#8220;off&#8220; _builder_version=&#8220;4.24.2&#8243; _module_preset=&#8220;default&#8220; global_colors_info=&#8220;{}&#8220;][\/et_pb_divider][\/et_pb_column][\/et_pb_row][\/et_pb_section][et_pb_section fb_built=&#8220;1&#8243; admin_label=&#8220;section&#8220; _builder_version=&#8220;4.16&#8243; da_disable_devices=&#8220;off|off|off&#8220; global_colors_info=&#8220;{}&#8220; da_is_popup=&#8220;off&#8220; da_exit_intent=&#8220;off&#8220; da_has_close=&#8220;on&#8220; da_alt_close=&#8220;off&#8220; da_dark_close=&#8220;off&#8220; da_not_modal=&#8220;on&#8220; da_is_singular=&#8220;off&#8220; da_with_loader=&#8220;off&#8220; da_has_shadow=&#8220;on&#8220;][et_pb_row admin_label=&#8220;row&#8220; _builder_version=&#8220;4.16&#8243; background_size=&#8220;initial&#8220; background_position=&#8220;top_left&#8220; background_repeat=&#8220;repeat&#8220; global_colors_info=&#8220;{}&#8220;][et_pb_column type=&#8220;4_4&#8243; _builder_version=&#8220;4.16&#8243; custom_padding=&#8220;|||&#8220; global_colors_info=&#8220;{}&#8220; custom_padding__hover=&#8220;|||&#8220;][et_pb_text admin_label=&#8220;Text&#8220; _builder_version=&#8220;4.26.0&#8243; background_size=&#8220;initial&#8220; background_position=&#8220;top_left&#8220; background_repeat=&#8220;repeat&#8220; hover_enabled=&#8220;0&#8243; global_colors_info=&#8220;{}&#8220; sticky_enabled=&#8220;0&#8243;]<p><\/p>\n<div class=\"wp-block-rst-container container\">\n<p><\/p>\n<h3 class=\"wp-block-heading\">1. Datenschutz auf einen Blick<\/h3>\n<p><\/p>\n<p><\/p>\n<h4 class=\"wp-block-heading\">Allgemeine Hinweise<\/h4>\n<p><\/p>\n<p><\/p>\n<p class=\"wp-block-paragraph\">Die folgenden Hinweise geben einen einfachen \u00dcberblick dar\u00fcber, was mit Ihren personenbezogenen Daten passiert, wenn Sie unsere Website besuchen. Personenbezogene Daten sind alle Daten, mit denen Sie pers\u00f6nlich identifiziert werden k\u00f6nnen. Ausf\u00fchrliche Informationen zum Thema Datenschutz entnehmen Sie unserer unter diesem Text aufgef\u00fchrten Datenschutzerkl\u00e4rung.<\/p>\n<p><\/p>\n<p><\/p>\n<h4 class=\"wp-block-heading\">Datenerfassung auf unserer Website<\/h4>\n<p><\/p>\n<p><\/p>\n<p class=\"wp-block-paragraph\">Wer ist verantwortlich f\u00fcr die Datenerfassung auf dieser Website?<\/p>\n<p><\/p>\n<p><\/p>\n<p class=\"wp-block-paragraph\">Die Datenverarbeitung auf dieser Website erfolgt durch den Websitebetreiber. Dessen Kontaktdaten k\u00f6nnen Sie dem Impressum dieser Website entnehmen.<\/p>\n<p><\/p>\n<p><\/p>\n<h4 class=\"wp-block-heading\">Wie erfassen wir Ihre Daten?<\/h4>\n<p><\/p>\n<p><\/p>\n<p class=\"wp-block-paragraph\">Ihre Daten werden zum einen dadurch erhoben, dass Sie uns diese mitteilen. Hierbei kann es sich z.B. um Daten handeln, die Sie in ein Kontaktformular eingeben. Andere Daten werden automatisch beim Besuch der Website durch unsere IT-Systeme erfasst. Das sind vor allem technische Daten (z.B. Internetbrowser, Betriebssystem oder Uhrzeit des Seitenaufrufs). Die Erfassung dieser Daten erfolgt automatisch, sobald Sie unsere Website betreten.<\/p>\n<p><\/p>\n<p><\/p>\n<h4 class=\"wp-block-heading\">Wof\u00fcr nutzen wir Ihre Daten?<\/h4>\n<p><\/p>\n<p><\/p>\n<p class=\"wp-block-paragraph\">Ein Teil der Daten wird erhoben, um eine fehlerfreie Bereitstellung der Website zu gew\u00e4hrleisten. Andere Daten k\u00f6nnen zur Analyse Ihres Nutzerverhaltens verwendet werden.<\/p>\n<p><\/p>\n<p><\/p>\n<h4 class=\"wp-block-heading\">Welche Rechte haben Sie bez\u00fcglich Ihrer Daten?<\/h4>\n<p><\/p>\n<p><\/p>\n<p class=\"wp-block-paragraph\">Sie haben jederzeit das Recht unentgeltlich Auskunft \u00fcber Herkunft, Empf\u00e4nger und Zweck Ihrer gespeicherten personenbezogenen Daten zu erhalten. Sie haben au\u00dferdem ein Recht, die Berichtigung, Sperrung oder L\u00f6schung dieser Daten zu verlangen. Hierzu sowie zu weiteren Fragen zum Thema Datenschutz k\u00f6nnen Sie sich jederzeit unter der im Impressum angegebenen Adresse an uns wenden. Des Weiteren steht Ihnen ein Beschwerderecht bei der zust\u00e4ndigen Aufsichtsbeh\u00f6rde zu.<\/p>\n<p><\/p>\n<p><\/p>\n<h3 class=\"wp-block-heading\">2. Allgemeine Hinweise und Pflichtinformationen<\/h3>\n<p><\/p>\n<p><\/p>\n<h4 class=\"wp-block-heading\">Datenschutz<\/h4>\n<p><\/p>\n<p><\/p>\n<p class=\"wp-block-paragraph\">Die Betreiber dieser Seiten nehmen den Schutz Ihrer pers\u00f6nlichen Daten sehr ernst. Wir behandeln Ihre personenbezogenen Daten vertraulich und entsprechend der gesetzlichen Datenschutzvorschriften sowie dieser Datenschutzerkl\u00e4rung. Wenn Sie diese Website benutzen, werden verschiedene personenbezogene Daten erhoben. Personenbezogene Daten sind Daten, mit denen Sie pers\u00f6nlich identifiziert werden k\u00f6nnen. Die vorliegende Datenschutzerkl\u00e4rung erl\u00e4utert, welche Daten wir erheben und wof\u00fcr wir sie nutzen. Sie erl\u00e4utert auch, wie und zu welchem Zweck das geschieht. Wir weisen darauf hin, dass die Daten\u00fcbertragung im Internet (z.B. bei der Kommunikation per E-Mail) Sicherheitsl\u00fccken aufweisen kann. Ein l\u00fcckenloser Schutz der Daten vor dem Zugriff durch Dritte ist nicht m\u00f6glich.<\/p>\n<p><\/p>\n<p><\/p>\n<h4 class=\"wp-block-heading\">Hinweis zur verantwortlichen Stelle<\/h4>\n<p><\/p>\n<p><\/p>\n<p class=\"wp-block-paragraph\">Die verantwortliche Stelle f\u00fcr die Datenverarbeitung auf dieser Website ist:<\/p>\n<p><\/p>\n<p><\/p>\n<ul class=\"wp-block-list\">\n<li>KATAG AG<\/li>\n<li>Stralsunder Stra\u00dfe 5<\/li>\n<li>33605 Bielefeld<\/li>\n<li>Telefon: (0521) 292 &#8211; 0<\/li>\n<li>E-Mail: info@katagprofession.com<\/li>\n<\/ul>\n<p><\/p>\n<p><\/p>\n<p class=\"wp-block-paragraph\">Verantwortliche Stelle ist die nat\u00fcrliche oder juristische Person, die allein oder gemeinsam mit anderen \u00fcber die Zwecke und Mittel der Verarbeitung von personenbezogenen Daten (z.B. Namen, E-Mail-Adressen o. \u00c4.) entscheidet.<\/p>\n<p><\/p>\n<p><\/p>\n<h4 class=\"wp-block-heading\">Widerruf Ihrer Einwilligung zur Datenverarbeitung<\/h4>\n<p><\/p>\n<p><\/p>\n<p class=\"wp-block-paragraph\">Viele Datenverarbeitungsvorg\u00e4nge sind nur mit Ihrer ausdr\u00fccklichen Einwilligung m\u00f6glich. Sie k\u00f6nnen eine bereits erteilte Einwilligung jederzeit widerrufen. Dazu reicht eine formlose Mitteilung per E-Mail an uns. Die Rechtm\u00e4\u00dfigkeit der bis zum Widerruf erfolgten Datenverarbeitung bleibt vom Widerruf unber\u00fchrt.<\/p>\n<p><\/p>\n<p><\/p>\n<h4 class=\"wp-block-heading\">Beschwerderecht bei der zust\u00e4ndigen Aufsichtsbeh\u00f6rde<\/h4>\n<p><\/p>\n<p><\/p>\n<p class=\"wp-block-paragraph\">Im Falle datenschutzrechtlicher Verst\u00f6\u00dfe steht dem Betroffenen ein Beschwerderecht bei der zust\u00e4ndigen Aufsichtsbeh\u00f6rde zu. Zust\u00e4ndige Aufsichtsbeh\u00f6rde in datenschutzrechtlichen Fragen ist der Landesdatenschutzbeauftragte des Bundeslandes, in dem unser Unternehmen seinen Sitz hat. Eine Liste der Datenschutzbeauftragten sowie deren Kontaktdaten k\u00f6nnen folgendem Link entnommen werden:\u00a0<a href=\"https:\/\/www.bfdi.bund.de\/DE\/Infothek\/Anschriften_Links\/anschriften_links-node.html\" target=\"_blank\" rel=\"noreferrer noopener\">https:\/\/www.bfdi.bund.de\/DE\/Infothek\/Anschriften_Links\/anschriften_links-node.html<\/a>.<\/p>\n<p><\/p>\n<p><\/p>\n<h4 class=\"wp-block-heading\">Recht auf Daten\u00fcbertragbarkeit<\/h4>\n<p><\/p>\n<p><\/p>\n<p class=\"wp-block-paragraph\">Sie haben das Recht, Daten, die wir auf Grundlage Ihrer Einwilligung oder in Erf\u00fcllung eines Vertrags automatisiert verarbeiten, an sich oder an einen Dritten in einem g\u00e4ngigen, maschinenlesbaren Format aush\u00e4ndigen zu lassen. Sofern Sie die direkte \u00dcbertragung der Daten an einen anderen Verantwortlichen verlangen, erfolgt dies nur, soweit es technisch machbar ist.<\/p>\n<p><\/p>\n<p><\/p>\n<h4 class=\"wp-block-heading\">SSL- bzw. TLS-Verschl\u00fcsselung<\/h4>\n<p><\/p>\n<p><\/p>\n<p class=\"wp-block-paragraph\">Diese Seite nutzt aus Sicherheitsgr\u00fcnden und zum Schutz der \u00dcbertragung vertraulicher Inhalte, wie zum Beispiel Bestellungen oder Anfragen, die Sie an uns als Seitenbetreiber senden, eine SSL-bzw. TLS-Verschl\u00fcsselung. Eine verschl\u00fcsselte Verbindung erkennen Sie daran, dass die Adresszeile des Browsers von \u201chttp:\/\/\u201d auf \u201chttps:\/\/\u201d wechselt und an dem Schloss-Symbol in Ihrer Browserzeile. Wenn die SSL- bzw. TLS-Verschl\u00fcsselung aktiviert ist, k\u00f6nnen die Daten, die Sie an uns \u00fcbermitteln, nicht von Dritten mitgelesen werden.<\/p>\n<p><\/p>\n<p><\/p>\n<h4 class=\"wp-block-heading\">Auskunft, Sperrung, L\u00f6schung<\/h4>\n<p><\/p>\n<p><\/p>\n<p class=\"wp-block-paragraph\">Sie haben im Rahmen der geltenden gesetzlichen Bestimmungen jederzeit das Recht auf unentgeltliche Auskunft \u00fcber Ihre gespeicherten personenbezogenen Daten, deren Herkunft und Empf\u00e4nger und den Zweck der Datenverarbeitung und ggf. ein Recht auf Berichtigung, Sperrung oder L\u00f6schung dieser Daten. Hierzu sowie zu weiteren Fragen zum Thema personenbezogene Daten k\u00f6nnen Sie sich jederzeit unter der im Impressum angegebenen Adresse an uns wenden.<\/p>\n<p><\/p>\n<p><\/p>\n<h4 class=\"wp-block-heading\">Widerspruch gegen Werbe-Mails<\/h4>\n<p><\/p>\n<p><\/p>\n<p class=\"wp-block-paragraph\">Der Nutzung von im Rahmen der Impressumspflicht ver\u00f6ffentlichten Kontaktdaten zur \u00dcbersendung von nicht ausdr\u00fccklich angeforderter Werbung und Informationsmaterialien wird hiermit widersprochen. Die Betreiber der Seiten behalten sich ausdr\u00fccklich rechtliche Schritte im Falle der unverlangten Zusendung von Werbeinformationen, etwa durch Spam-E-Mails, vor.<\/p>\n<p><\/p>\n<p><\/p>\n<h3 class=\"wp-block-heading\">3. Datenschutzbeauftragter<\/h3>\n<p><\/p>\n<p><\/p>\n<p class=\"wp-block-paragraph\">Gesetzlich vorgeschriebener Datenschutzbeauftragter<\/p>\n<p><\/p>\n<p><\/p>\n<p class=\"wp-block-paragraph\">Wir haben f\u00fcr unser Unternehmen einen Datenschutzbeauftragten bestellt.<\/p>\n<p><\/p>\n<p><\/p>\n<ul class=\"wp-block-list\">\n<li>Biehn &amp; Professionals GmbH<\/li>\n<li>IT-Sicherheit und Risikomanagement<\/li>\n<li>Wiesenstra\u00dfe 32<\/li>\n<li>33397 Rietberg-Mastholte<\/li>\n<li>Telefon: 02944-979710<\/li>\n<li>E-Mail: datenschutz@katag.de<\/li>\n<\/ul>\n<p><\/p>\n<p><\/p>\n<h3 class=\"wp-block-heading\">4. Datenerfassung auf unserer Website<\/h3>\n<p><\/p>\n<p><\/p>\n<h4 class=\"wp-block-heading\">Cookies<\/h4>\n<p><\/p>\n<p><\/p>\n<p class=\"wp-block-paragraph\">Die Internetseiten verwenden teilweise so genannte Cookies. Cookies richten auf Ihrem Rechner keinen Schaden an und enthalten keine Viren. Cookies dienen dazu, unser Angebot nutzerfreundlicher, effektiver und sicherer zu machen. Cookies sind kleine Textdateien, die auf Ihrem Rechner abgelegt werden und die Ihr Browser speichert. Die meisten der von uns verwendeten Cookies sind so genannte \u201cSession-Cookies\u201d. Sie werden nach Ende Ihres Besuchs automatisch gel\u00f6scht. Andere Cookies bleiben auf Ihrem Endger\u00e4t gespeichert bis Sie diese l\u00f6schen. Diese Cookies erm\u00f6glichen es uns, Ihren Browser beim n\u00e4chsten Besuch wiederzuerkennen.<\/p>\n<p><\/p>\n<p><\/p>\n<p class=\"wp-block-paragraph\">Sie k\u00f6nnen Ihren Browser so einstellen, dass Sie \u00fcber das Setzen von Cookies informiert werden und Cookies nur im Einzelfall erlauben, die Annahme von Cookies f\u00fcr bestimmte F\u00e4lle oder generell ausschlie\u00dfen sowie das automatische L\u00f6schen der Cookies beim Schlie\u00dfen des Browser aktivieren. Bei der Deaktivierung von Cookies kann die Funktionalit\u00e4t dieser Website eingeschr\u00e4nkt sein. Cookies, die zur Durchf\u00fchrung des elektronischen Kommunikationsvorgangs oder zur Bereitstellung bestimmter, von Ihnen erw\u00fcnschter Funktionen (z.B. Warenkorbfunktion) erforderlich sind, werden auf Grundlage von Art. 6 Abs. 1 lit. f DSGVO gespeichert. Der Websitebetreiber hat ein berechtigtes Interesse an der Speicherung von Cookies zur technisch fehlerfreien und optimierten Bereitstellung seiner Dienste. Soweit andere Cookies (z.B. Cookies zur Analyse Ihres Surfverhaltens) gespeichert werden, werden diese in dieser Datenschutzerkl\u00e4rung gesondert behandelt.<\/p>\n<p><\/p>\n<p><\/p>\n<h4 class=\"wp-block-heading\">Kontaktformular<\/h4>\n<p><\/p>\n<p><\/p>\n<p class=\"wp-block-paragraph\">Wenn Sie uns per Kontaktformular Anfragen zukommen lassen, werden Ihre Angaben aus dem Anfrageformular inklusive der von Ihnen dort angegebenen Kontaktdaten zwecks Bearbeitung der Anfrage und f\u00fcr den Fall von Anschlussfragen bei uns gespeichert. Diese Daten geben wir nicht ohne Ihre Einwilligung weiter. Die Verarbeitung der in das Kontaktformular eingegebenen Daten erfolgt somit ausschlie\u00dflich auf Grundlage Ihrer Einwilligung (Art. 6 Abs. 1 lit. a DSGVO). Sie k\u00f6nnen diese Einwilligung jederzeit widerrufen. Dazu reicht eine formlose Mitteilung per E-Mail an uns. Die Rechtm\u00e4\u00dfigkeit der bis zum Widerruf erfolgten Datenverarbeitungsvorg\u00e4nge bleibt vom Widerruf unber\u00fchrt. Die von Ihnen im Kontaktformular eingegebenen Daten verbleiben bei uns, bis Sie uns zur L\u00f6schung auffordern, Ihre Einwilligung zur Speicherung widerrufen oder der Zweck f\u00fcr die Datenspeicherung entf\u00e4llt (z.B. nach abgeschlossener Bearbeitung Ihrer Anfrage). Zwingende gesetzliche Bestimmungen \u2013 insbesondere Aufbewahrungsfristen \u2013 bleiben unber\u00fchrt.<\/p>\n<h3><\/h3>\n<h3>5. Hinweisgebersystem<\/h3>\n<p style=\"font-weight: 400;\">\n<p style=\"font-weight: 400;\">Bei der Abgabe einer Meldung werden personenbezogene Daten (z.B. Name, Kontaktdaten, Fotos, gemeldeter Sachverhalt etc.)<\/p>\n<ul>\n<li>der Person, die eine Meldung abgibt (hinweisgebende Person)<\/li>\n<li>der von einer Meldung betroffenen Person (gemeldete Person)<\/li>\n<li><span><\/span>und der sonstigen, in einer Meldung genannten Personen (z.B. Zeugen und\/Dritte)<\/li>\n<\/ul>\n<p style=\"font-weight: 400;\">\n<p style=\"font-weight: 400;\">die in das Meldeformular eingetragen werden, verarbeitet.<\/p>\n<p style=\"font-weight: 400;\">\n<p style=\"font-weight: 400;\"><strong>Zweck und Rechtsgrundlage<\/strong><\/p>\n<p><strong> <\/strong><\/p>\n<p><strong><\/strong><\/p>\n<p style=\"font-weight: 400;\">Die vorgenannten Daten werden zum Zweck der Aufdeckung und Verhinderung schwerwiegender Missst\u00e4nde sowie zur Vermeidung und Abwehr besonders einschneidender oder existenzbedrohender Rechtsfolgen und Sch\u00e4den sowohl f\u00fcr unsere Organisation (Strafverfolgung, Schadensersatzforderungen, Imagesch\u00e4den, aufsichtsrechtliche Ma\u00dfnahmen) als auch f\u00fcr unsere Mitarbeiterinnen und Mitarbeiter verarbeitet.<\/p>\n<p style=\"font-weight: 400;\">Rechtsgrundlage f\u00fcr die Verarbeitung ist Erf\u00fcllung einer rechtlichen Verpflichtung gem\u00e4\u00df Art. 6 Abs 1 lit c DSGVO i.V.m. \u00a7 10 HinSchG.<\/p>\n<p style=\"font-weight: 400;\">\n<p style=\"font-weight: 400;\"><strong>Empf\u00e4nger<\/strong><\/p>\n<p style=\"font-weight: 400;\">Zugriff auf die Meldungen haben ausschlie\u00dflich fachlich qualifizierte Mitarbeitende der KATAG AG. Ihre Identit\u00e4t wird uns von dieser nur in den gesetzlich geregelten F\u00e4llen offengelegt.<\/p>\n<p style=\"font-weight: 400;\"><strong>\u00a0<\/strong><\/p>\n<p style=\"font-weight: 400;\">Im Rahmen der Pr\u00fcfungen, Untersuchungen und zu treffenden Abhilfema\u00dfnahmen kann es erforderlich sein, Informationen zu einem gemeldeten Vorfall an externe Berater (z.B. juristische Berater) oder an die zust\u00e4ndigen Beh\u00f6rden zu \u00fcbermitteln.<\/p>\n<p style=\"font-weight: 400;\">\n<p style=\"font-weight: 400;\">Die Infrastruktur des Systems, einschlie\u00dflich Webseiten und Datenbank, wird von der Modehaus GmbH in unserem Auftrag nach Art. 28 DSGVO betrieben, die wiederum spezialisierten Softwaredienstleister als Unterunterauftragnehmer einsetzt. Die KATAG AG ist zu strikter Vertraulichkeit und zur Einhaltung s\u00e4mtlicher datenschutzrechtlicher Anforderungen verpflichtet.<\/p>\n<p><strong>Speicherdauer<\/strong><\/p>\n<p style=\"font-weight: 400;\">Personenbezogene Daten werden so lange aufbewahrt, wie es die Aufkl\u00e4rung und abschlie\u00dfende Beurteilung erfordert oder dies aufgrund eines Gesetzes erforderlich ist. Die Hinweise und Meldungen werden entsprechend der gesetzlichen Vorgaben 3 Jahre nach Abschluss des Verfahrens gel\u00f6scht.<\/p>\n<p style=\"font-weight: 400;\"><strong><\/strong><\/p>\n<p style=\"font-weight: 400;\"><strong><\/strong><\/p>\n<p style=\"font-weight: 400;\"><strong><\/strong><\/p>\n<p style=\"font-weight: 400;\"><strong><\/strong><\/p>\n<p style=\"font-weight: 400;\"><strong>Externe Meldestellen<\/strong><\/p>\n<p style=\"font-weight: 400;\">\n<p style=\"font-weight: 400;\">Das Hinweisgeberschutzgesetz r\u00e4umt Personen, die beabsichtigen, einen Hinweis abzugeben ein Wahlrecht ein, ob sie sich an eine unternehmensinterne Meldestelle wenden oder eine externe Meldestelle das Bundes oder der L\u00e4nder anrufen.\u00a0<\/p>\n<p style=\"font-weight: 400;\">Nach dem Hinweisgeberschutzgesetz soll aber auch Meldungen an eine interne Stelle der Vorzug gegeben werden, wenn \u00fcber diese Stelle eine wirksame Bek\u00e4mpfung des Versto\u00dfes m\u00f6glich ist und die Hinweisgeber keine Repressalien zu bef\u00fcrchten haben (\u00a7 7 Abs. 1 HinSchG).<\/p>\n<p style=\"font-weight: 400;\">Wir gehen allen Hinweisen auf Verst\u00f6\u00dfe, die \u00fcber den notwendigen, beruflichen Zusammenhang mit unserem Unternehmen verf\u00fcgen, nach. Wir verpflichten uns ausdr\u00fccklich, Hinweisgeber vor Repressalien zu sch\u00fctzen.<\/p>\n<p style=\"font-weight: 400;\">Externe Meldestellen des Bundes sind aktuell eingerichtet\u00a0<\/p>\n<ul style=\"font-weight: 400;\">\n<li>beim Bundesamt f\u00fcr Justiz<\/li>\n<li>bei der Bundesanstalt f\u00fcr Finanzdienstleistungsaufsicht und<\/li>\n<li>beim Bundeskartellamt.<\/li>\n<\/ul>\n<p style=\"font-weight: 400;\">Alle Informationen zu den Zust\u00e4ndigkeiten der externen Meldestellen und deren Erreichbarkeiten finden Sie auf der Webseite des Bundesamts f\u00fcr Justiz:\u00a0<\/p>\n<p style=\"font-weight: 400;\"><span style=\"font-weight: 400;\"><a href=\"https:\/\/www.bundesjustizamt.de\/DE\/MeldestelledesBundes\/MeldestelledesBundes_node.html\">Externe Meldestelle des Bundes beim Bundesamt f\u00fcr Justiz<\/a><\/span><\/p>\n<p><\/p>\n<\/div>\n<p><\/p>[\/et_pb_text][\/et_pb_column][\/et_pb_row][\/et_pb_section]","protected":false},"excerpt":{"rendered":"<p>1. Datenschutz auf einen Blick Allgemeine Hinweise Die folgenden Hinweise geben einen einfachen \u00dcberblick dar\u00fcber, was mit Ihren personenbezogenen Daten passiert, wenn Sie unsere Website besuchen. Personenbezogene Daten sind alle Daten, mit denen Sie pers\u00f6nlich identifiziert werden k\u00f6nnen. Ausf\u00fchrliche Informationen zum Thema Datenschutz entnehmen Sie unserer unter diesem Text aufgef\u00fchrten Datenschutzerkl\u00e4rung. Datenerfassung auf unserer Website [&hellip;]<\/p>\n","protected":false},"author":1,"featured_media":0,"parent":0,"menu_order":0,"comment_status":"closed","ping_status":"closed","template":"","meta":{"_et_pb_use_builder":"on","_et_pb_old_content":"<!-- wp:rst\/container -->\n<div class=\"wp-block-rst-container container\"><!-- wp:heading {\"level\":3} -->\n<h3>1. Datenschutz auf einen Blick<\/h3>\n<!-- \/wp:heading -->\n\n<!-- wp:heading {\"level\":4} -->\n<h4>Allgemeine Hinweise<\/h4>\n<!-- \/wp:heading -->\n\n<!-- wp:paragraph -->\n<p>Die folgenden Hinweise geben einen einfachen \u00dcberblick dar\u00fcber, was mit Ihren personenbezogenen Daten passiert, wenn Sie unsere Website besuchen. Personenbezogene Daten sind alle Daten, mit denen Sie pers\u00f6nlich identifiziert werden k\u00f6nnen. Ausf\u00fchrliche Informationen zum Thema Datenschutz entnehmen Sie unserer unter diesem Text aufgef\u00fchrten Datenschutzerkl\u00e4rung.<\/p>\n<!-- \/wp:paragraph -->\n\n<!-- wp:heading {\"level\":4} -->\n<h4>Datenerfassung auf unserer Website<\/h4>\n<!-- \/wp:heading -->\n\n<!-- wp:paragraph -->\n<p>Wer ist verantwortlich f\u00fcr die Datenerfassung auf dieser Website?<\/p>\n<!-- \/wp:paragraph -->\n\n<!-- wp:paragraph -->\n<p>Die Datenverarbeitung auf dieser Website erfolgt durch den Websitebetreiber. Dessen Kontaktdaten k\u00f6nnen Sie dem Impressum dieser Website entnehmen.<\/p>\n<!-- \/wp:paragraph -->\n\n<!-- wp:heading {\"level\":4} -->\n<h4>Wie erfassen wir Ihre Daten?<\/h4>\n<!-- \/wp:heading -->\n\n<!-- wp:paragraph -->\n<p>Ihre Daten werden zum einen dadurch erhoben, dass Sie uns diese mitteilen. Hierbei kann es sich z.B. um Daten handeln, die Sie in ein Kontaktformular eingeben. Andere Daten werden automatisch beim Besuch der Website durch unsere IT-Systeme erfasst. Das sind vor allem technische Daten (z.B. Internetbrowser, Betriebssystem oder Uhrzeit des Seitenaufrufs). Die Erfassung dieser Daten erfolgt automatisch, sobald Sie unsere Website betreten.<\/p>\n<!-- \/wp:paragraph -->\n\n<!-- wp:heading {\"level\":4} -->\n<h4>Wof\u00fcr nutzen wir Ihre Daten?<\/h4>\n<!-- \/wp:heading -->\n\n<!-- wp:paragraph -->\n<p>Ein Teil der Daten wird erhoben, um eine fehlerfreie Bereitstellung der Website zu gew\u00e4hrleisten. Andere Daten k\u00f6nnen zur Analyse Ihres Nutzerverhaltens verwendet werden.<\/p>\n<!-- \/wp:paragraph -->\n\n<!-- wp:heading {\"level\":4} -->\n<h4>Welche Rechte haben Sie bez\u00fcglich Ihrer Daten?<\/h4>\n<!-- \/wp:heading -->\n\n<!-- wp:paragraph -->\n<p>Sie haben jederzeit das Recht unentgeltlich Auskunft \u00fcber Herkunft, Empf\u00e4nger und Zweck Ihrer gespeicherten personenbezogenen Daten zu erhalten. Sie haben au\u00dferdem ein Recht, die Berichtigung, Sperrung oder L\u00f6schung dieser Daten zu verlangen. Hierzu sowie zu weiteren Fragen zum Thema Datenschutz k\u00f6nnen Sie sich jederzeit unter der im Impressum angegebenen Adresse an uns wenden. Des Weiteren steht Ihnen ein Beschwerderecht bei der zust\u00e4ndigen Aufsichtsbeh\u00f6rde zu.<\/p>\n<!-- \/wp:paragraph -->\n\n<!-- wp:heading {\"level\":3} -->\n<h3>2. Allgemeine Hinweise und Pflichtinformationen<\/h3>\n<!-- \/wp:heading -->\n\n<!-- wp:heading {\"level\":4} -->\n<h4>Datenschutz<\/h4>\n<!-- \/wp:heading -->\n\n<!-- wp:paragraph -->\n<p>Die Betreiber dieser Seiten nehmen den Schutz Ihrer pers\u00f6nlichen Daten sehr ernst. Wir behandeln Ihre personenbezogenen Daten vertraulich und entsprechend der gesetzlichen Datenschutzvorschriften sowie dieser Datenschutzerkl\u00e4rung. Wenn Sie diese Website benutzen, werden verschiedene personenbezogene Daten erhoben. Personenbezogene Daten sind Daten, mit denen Sie pers\u00f6nlich identifiziert werden k\u00f6nnen. Die vorliegende Datenschutzerkl\u00e4rung erl\u00e4utert, welche Daten wir erheben und wof\u00fcr wir sie nutzen. Sie erl\u00e4utert auch, wie und zu welchem Zweck das geschieht. Wir weisen darauf hin, dass die Daten\u00fcbertragung im Internet (z.B. bei der Kommunikation per E-Mail) Sicherheitsl\u00fccken aufweisen kann. Ein l\u00fcckenloser Schutz der Daten vor dem Zugriff durch Dritte ist nicht m\u00f6glich.<\/p>\n<!-- \/wp:paragraph -->\n\n<!-- wp:heading {\"level\":4} -->\n<h4>Hinweis zur verantwortlichen Stelle<\/h4>\n<!-- \/wp:heading -->\n\n<!-- wp:paragraph -->\n<p>Die verantwortliche Stelle f\u00fcr die Datenverarbeitung auf dieser Website ist:<\/p>\n<!-- \/wp:paragraph -->\n\n<!-- wp:list -->\n<ul><li>KATAG AG<\/li><li>Stralsunder Stra\u00dfe 5<\/li><li>33605 Bielefeld<\/li><li>Telefon: (0521) 292 - 0<\/li><li>E-Mail: info@katagprofession.com<\/li><\/ul>\n<!-- \/wp:list -->\n\n<!-- wp:paragraph -->\n<p>Verantwortliche Stelle ist die nat\u00fcrliche oder juristische Person, die allein oder gemeinsam mit anderen \u00fcber die Zwecke und Mittel der Verarbeitung von personenbezogenen Daten (z.B. Namen, E-Mail-Adressen o. \u00c4.) entscheidet.<\/p>\n<!-- \/wp:paragraph -->\n\n<!-- wp:heading {\"level\":4} -->\n<h4>Widerruf Ihrer Einwilligung zur Datenverarbeitung<\/h4>\n<!-- \/wp:heading -->\n\n<!-- wp:paragraph -->\n<p>Viele Datenverarbeitungsvorg\u00e4nge sind nur mit Ihrer ausdr\u00fccklichen Einwilligung m\u00f6glich. Sie k\u00f6nnen eine bereits erteilte Einwilligung jederzeit widerrufen. Dazu reicht eine formlose Mitteilung per E-Mail an uns. Die Rechtm\u00e4\u00dfigkeit der bis zum Widerruf erfolgten Datenverarbeitung bleibt vom Widerruf unber\u00fchrt.<\/p>\n<!-- \/wp:paragraph -->\n\n<!-- wp:heading {\"level\":4} -->\n<h4>Beschwerderecht bei der zust\u00e4ndigen Aufsichtsbeh\u00f6rde<\/h4>\n<!-- \/wp:heading -->\n\n<!-- wp:paragraph -->\n<p>Im Falle datenschutzrechtlicher Verst\u00f6\u00dfe steht dem Betroffenen ein Beschwerderecht bei der zust\u00e4ndigen Aufsichtsbeh\u00f6rde zu. Zust\u00e4ndige Aufsichtsbeh\u00f6rde in datenschutzrechtlichen Fragen ist der Landesdatenschutzbeauftragte des Bundeslandes, in dem unser Unternehmen seinen Sitz hat. Eine Liste der Datenschutzbeauftragten sowie deren Kontaktdaten k\u00f6nnen folgendem Link entnommen werden:&nbsp;<a href=\"https:\/\/www.bfdi.bund.de\/DE\/Infothek\/Anschriften_Links\/anschriften_links-node.html\" target=\"_blank\" rel=\"noreferrer noopener\">https:\/\/www.bfdi.bund.de\/DE\/Infothek\/Anschriften_Links\/anschriften_links-node.html<\/a>.<\/p>\n<!-- \/wp:paragraph -->\n\n<!-- wp:heading {\"level\":4} -->\n<h4>Recht auf Daten\u00fcbertragbarkeit<\/h4>\n<!-- \/wp:heading -->\n\n<!-- wp:paragraph -->\n<p>Sie haben das Recht, Daten, die wir auf Grundlage Ihrer Einwilligung oder in Erf\u00fcllung eines Vertrags automatisiert verarbeiten, an sich oder an einen Dritten in einem g\u00e4ngigen, maschinenlesbaren Format aush\u00e4ndigen zu lassen. Sofern Sie die direkte \u00dcbertragung der Daten an einen anderen Verantwortlichen verlangen, erfolgt dies nur, soweit es technisch machbar ist.<\/p>\n<!-- \/wp:paragraph -->\n\n<!-- wp:heading {\"level\":4} -->\n<h4>SSL- bzw. TLS-Verschl\u00fcsselung<\/h4>\n<!-- \/wp:heading -->\n\n<!-- wp:paragraph -->\n<p>Diese Seite nutzt aus Sicherheitsgr\u00fcnden und zum Schutz der \u00dcbertragung vertraulicher Inhalte, wie zum Beispiel Bestellungen oder Anfragen, die Sie an uns als Seitenbetreiber senden, eine SSL-bzw. TLS-Verschl\u00fcsselung. Eine verschl\u00fcsselte Verbindung erkennen Sie daran, dass die Adresszeile des Browsers von \u201chttp:\/\/\u201d auf \u201chttps:\/\/\u201d wechselt und an dem Schloss-Symbol in Ihrer Browserzeile. Wenn die SSL- bzw. TLS-Verschl\u00fcsselung aktiviert ist, k\u00f6nnen die Daten, die Sie an uns \u00fcbermitteln, nicht von Dritten mitgelesen werden.<\/p>\n<!-- \/wp:paragraph -->\n\n<!-- wp:heading {\"level\":4} -->\n<h4>Auskunft, Sperrung, L\u00f6schung<\/h4>\n<!-- \/wp:heading -->\n\n<!-- wp:paragraph -->\n<p>Sie haben im Rahmen der geltenden gesetzlichen Bestimmungen jederzeit das Recht auf unentgeltliche Auskunft \u00fcber Ihre gespeicherten personenbezogenen Daten, deren Herkunft und Empf\u00e4nger und den Zweck der Datenverarbeitung und ggf. ein Recht auf Berichtigung, Sperrung oder L\u00f6schung dieser Daten. Hierzu sowie zu weiteren Fragen zum Thema personenbezogene Daten k\u00f6nnen Sie sich jederzeit unter der im Impressum angegebenen Adresse an uns wenden.<\/p>\n<!-- \/wp:paragraph -->\n\n<!-- wp:heading {\"level\":4} -->\n<h4>Widerspruch gegen Werbe-Mails<\/h4>\n<!-- \/wp:heading -->\n\n<!-- wp:paragraph -->\n<p>Der Nutzung von im Rahmen der Impressumspflicht ver\u00f6ffentlichten Kontaktdaten zur \u00dcbersendung von nicht ausdr\u00fccklich angeforderter Werbung und Informationsmaterialien wird hiermit widersprochen. Die Betreiber der Seiten behalten sich ausdr\u00fccklich rechtliche Schritte im Falle der unverlangten Zusendung von Werbeinformationen, etwa durch Spam-E-Mails, vor.<\/p>\n<!-- \/wp:paragraph -->\n\n<!-- wp:heading {\"level\":3} -->\n<h3>3. Datenschutzbeauftragter<\/h3>\n<!-- \/wp:heading -->\n\n<!-- wp:paragraph -->\n<p>Gesetzlich vorgeschriebener Datenschutzbeauftragter<\/p>\n<!-- \/wp:paragraph -->\n\n<!-- wp:paragraph -->\n<p>Wir haben f\u00fcr unser Unternehmen einen Datenschutzbeauftragten bestellt.<\/p>\n<!-- \/wp:paragraph -->\n\n<!-- wp:list -->\n<ul><li>Biehn &amp; Professionals GmbH<\/li><li>IT-Sicherheit und Risikomanagement<\/li><li>Wiesenstra\u00dfe 32<\/li><li>33397 Rietberg-Mastholte<\/li><li>Telefon: 02944-979710<\/li><li>E-Mail: datenschutz@katag.de<\/li><\/ul>\n<!-- \/wp:list -->\n\n<!-- wp:heading {\"level\":3} -->\n<h3>4. Datenerfassung auf unserer Website<\/h3>\n<!-- \/wp:heading -->\n\n<!-- wp:heading {\"level\":4} -->\n<h4>Cookies<\/h4>\n<!-- \/wp:heading -->\n\n<!-- wp:paragraph -->\n<p>Die Internetseiten verwenden teilweise so genannte Cookies. Cookies richten auf Ihrem Rechner keinen Schaden an und enthalten keine Viren. Cookies dienen dazu, unser Angebot nutzerfreundlicher, effektiver und sicherer zu machen. Cookies sind kleine Textdateien, die auf Ihrem Rechner abgelegt werden und die Ihr Browser speichert. Die meisten der von uns verwendeten Cookies sind so genannte \u201cSession-Cookies\u201d. Sie werden nach Ende Ihres Besuchs automatisch gel\u00f6scht. Andere Cookies bleiben auf Ihrem Endger\u00e4t gespeichert bis Sie diese l\u00f6schen. Diese Cookies erm\u00f6glichen es uns, Ihren Browser beim n\u00e4chsten Besuch wiederzuerkennen.<\/p>\n<!-- \/wp:paragraph -->\n\n<!-- wp:paragraph -->\n<p>Sie k\u00f6nnen Ihren Browser so einstellen, dass Sie \u00fcber das Setzen von Cookies informiert werden und Cookies nur im Einzelfall erlauben, die Annahme von Cookies f\u00fcr bestimmte F\u00e4lle oder generell ausschlie\u00dfen sowie das automatische L\u00f6schen der Cookies beim Schlie\u00dfen des Browser aktivieren. Bei der Deaktivierung von Cookies kann die Funktionalit\u00e4t dieser Website eingeschr\u00e4nkt sein. Cookies, die zur Durchf\u00fchrung des elektronischen Kommunikationsvorgangs oder zur Bereitstellung bestimmter, von Ihnen erw\u00fcnschter Funktionen (z.B. Warenkorbfunktion) erforderlich sind, werden auf Grundlage von Art. 6 Abs. 1 lit. f DSGVO gespeichert. Der Websitebetreiber hat ein berechtigtes Interesse an der Speicherung von Cookies zur technisch fehlerfreien und optimierten Bereitstellung seiner Dienste. Soweit andere Cookies (z.B. Cookies zur Analyse Ihres Surfverhaltens) gespeichert werden, werden diese in dieser Datenschutzerkl\u00e4rung gesondert behandelt.<\/p>\n<!-- \/wp:paragraph -->\n\n<!-- wp:heading {\"level\":4} -->\n<h4>Kontaktformular<\/h4>\n<!-- \/wp:heading -->\n\n<!-- wp:paragraph -->\n<p>Wenn Sie uns per Kontaktformular Anfragen zukommen lassen, werden Ihre Angaben aus dem Anfrageformular inklusive der von Ihnen dort angegebenen Kontaktdaten zwecks Bearbeitung der Anfrage und f\u00fcr den Fall von Anschlussfragen bei uns gespeichert. Diese Daten geben wir nicht ohne Ihre Einwilligung weiter. Die Verarbeitung der in das Kontaktformular eingegebenen Daten erfolgt somit ausschlie\u00dflich auf Grundlage Ihrer Einwilligung (Art. 6 Abs. 1 lit. a DSGVO). Sie k\u00f6nnen diese Einwilligung jederzeit widerrufen. Dazu reicht eine formlose Mitteilung per E-Mail an uns. Die Rechtm\u00e4\u00dfigkeit der bis zum Widerruf erfolgten Datenverarbeitungsvorg\u00e4nge bleibt vom Widerruf unber\u00fchrt. Die von Ihnen im Kontaktformular eingegebenen Daten verbleiben bei uns, bis Sie uns zur L\u00f6schung auffordern, Ihre Einwilligung zur Speicherung widerrufen oder der Zweck f\u00fcr die Datenspeicherung entf\u00e4llt (z.B. nach abgeschlossener Bearbeitung Ihrer Anfrage). Zwingende gesetzliche Bestimmungen \u2013 insbesondere Aufbewahrungsfristen \u2013 bleiben unber\u00fchrt.<\/p>\n<!-- \/wp:paragraph -->\n\n<!-- wp:paragraph -->\n<p>Wenn Sie uns per Kontaktformular Anfragen zukommen lassen, werden Ihre Angaben aus dem Anfrageformular inklusive der von Ihnen dort angegebenen Kontaktdaten zwecks Bearbeitung der Anfrage und f\u00fcr den Fall von Anschlussfragen bei uns gespeichert. Diese Daten geben wir nicht ohne Ihre Einwilligung weiter. Die Verarbeitung der in das Kontaktformular eingegebenen Daten erfolgt somit ausschlie\u00dflich auf Grundlage Ihrer Einwilligung (Art. 6 Abs. 1 lit. a DSGVO). Sie k\u00f6nnen diese Einwilligung jederzeit widerrufen. Dazu reicht eine formlose Mitteilung per E-Mail an uns. Die Rechtm\u00e4\u00dfigkeit der bis zum Widerruf erfolgten Datenverarbeitungsvorg\u00e4nge bleibt vom Widerruf unber\u00fchrt. Die von Ihnen im Kontaktformular eingegebenen Daten verbleiben bei uns, bis Sie uns zur L\u00f6schung auffordern, Ihre Einwilligung zur Speicherung widerrufen oder der Zweck f\u00fcr die Datenspeicherung entf\u00e4llt (z.B. nach abgeschlossener Bearbeitung Ihrer Anfrage). Zwingende gesetzliche Bestimmungen \u2013 insbesondere Aufbewahrungsfristen \u2013 bleiben unber\u00fchrt.<\/p>\n<!-- \/wp:paragraph --><\/div>\n<!-- \/wp:rst\/container -->","_et_gb_content_width":"","footnotes":""},"class_list":["post-171","page","type-page","status-publish","hentry"],"yoast_head":"<!-- This site is optimized with the Yoast SEO plugin v28.3 - https:\/\/yoast.com\/product\/yoast-seo-wordpress\/ -->\n<title>Datenschutz - KATAGprofession<\/title>\n<meta name=\"robots\" content=\"index, follow, max-snippet:-1, max-image-preview:large, max-video-preview:-1\" \/>\n<link rel=\"canonical\" href=\"https:\/\/katagprofession.com\/en\/datenschutz\/\" \/>\n<meta property=\"og:locale\" content=\"en_US\" \/>\n<meta property=\"og:type\" content=\"article\" \/>\n<meta property=\"og:title\" content=\"Datenschutz - KATAGprofession\" \/>\n<meta property=\"og:description\" content=\"1. Datenschutz auf einen Blick Allgemeine Hinweise Die folgenden Hinweise geben einen einfachen \u00dcberblick dar\u00fcber, was mit Ihren personenbezogenen Daten passiert, wenn Sie unsere Website besuchen. Personenbezogene Daten sind alle Daten, mit denen Sie pers\u00f6nlich identifiziert werden k\u00f6nnen. Ausf\u00fchrliche Informationen zum Thema Datenschutz entnehmen Sie unserer unter diesem Text aufgef\u00fchrten Datenschutzerkl\u00e4rung. Datenerfassung auf unserer Website [&hellip;]\" \/>\n<meta property=\"og:url\" content=\"https:\/\/katagprofession.com\/en\/datenschutz\/\" \/>\n<meta property=\"og:site_name\" content=\"KATAGprofession\" \/>\n<meta property=\"article:modified_time\" content=\"2024-07-05T10:43:33+00:00\" \/>\n<meta name=\"twitter:card\" content=\"summary_large_image\" \/>\n<meta name=\"twitter:label1\" content=\"Est. reading time\" \/>\n\t<meta name=\"twitter:data1\" content=\"9 minutes\" \/>\n<script type=\"application\/ld+json\" class=\"yoast-schema-graph\">{\"@context\":\"https:\\\/\\\/schema.org\",\"@graph\":[{\"@type\":\"WebPage\",\"@id\":\"https:\\\/\\\/katagprofession.com\\\/datenschutz\\\/\",\"url\":\"https:\\\/\\\/katagprofession.com\\\/datenschutz\\\/\",\"name\":\"Datenschutz - KATAGprofession\",\"isPartOf\":{\"@id\":\"https:\\\/\\\/katagprofession.com\\\/#website\"},\"datePublished\":\"2019-07-22T13:56:30+00:00\",\"dateModified\":\"2024-07-05T10:43:33+00:00\",\"breadcrumb\":{\"@id\":\"https:\\\/\\\/katagprofession.com\\\/datenschutz\\\/#breadcrumb\"},\"inLanguage\":\"en-US\",\"potentialAction\":[{\"@type\":\"ReadAction\",\"target\":[\"https:\\\/\\\/katagprofession.com\\\/datenschutz\\\/\"]}]},{\"@type\":\"BreadcrumbList\",\"@id\":\"https:\\\/\\\/katagprofession.com\\\/datenschutz\\\/#breadcrumb\",\"itemListElement\":[{\"@type\":\"ListItem\",\"position\":1,\"name\":\"Startseite\",\"item\":\"https:\\\/\\\/katagprofession.com\\\/\"},{\"@type\":\"ListItem\",\"position\":2,\"name\":\"Datenschutz\"}]},{\"@type\":\"WebSite\",\"@id\":\"https:\\\/\\\/katagprofession.com\\\/#website\",\"url\":\"https:\\\/\\\/katagprofession.com\\\/\",\"name\":\"KATAGprofession\",\"description\":\"\",\"potentialAction\":[{\"@type\":\"SearchAction\",\"target\":{\"@type\":\"EntryPoint\",\"urlTemplate\":\"https:\\\/\\\/katagprofession.com\\\/?s={search_term_string}\"},\"query-input\":{\"@type\":\"PropertyValueSpecification\",\"valueRequired\":true,\"valueName\":\"search_term_string\"}}],\"inLanguage\":\"en-US\"}]}<\/script>\n<!-- \/ Yoast SEO plugin. -->","yoast_head_json":{"title":"Datenschutz - KATAGprofession","robots":{"index":"index","follow":"follow","max-snippet":"max-snippet:-1","max-image-preview":"max-image-preview:large","max-video-preview":"max-video-preview:-1"},"canonical":"https:\/\/katagprofession.com\/en\/datenschutz\/","og_locale":"en_US","og_type":"article","og_title":"Datenschutz - KATAGprofession","og_description":"1. Datenschutz auf einen Blick Allgemeine Hinweise Die folgenden Hinweise geben einen einfachen \u00dcberblick dar\u00fcber, was mit Ihren personenbezogenen Daten passiert, wenn Sie unsere Website besuchen. Personenbezogene Daten sind alle Daten, mit denen Sie pers\u00f6nlich identifiziert werden k\u00f6nnen. Ausf\u00fchrliche Informationen zum Thema Datenschutz entnehmen Sie unserer unter diesem Text aufgef\u00fchrten Datenschutzerkl\u00e4rung. Datenerfassung auf unserer Website [&hellip;]","og_url":"https:\/\/katagprofession.com\/en\/datenschutz\/","og_site_name":"KATAGprofession","article_modified_time":"2024-07-05T10:43:33+00:00","twitter_card":"summary_large_image","twitter_misc":{"Est. reading time":"9 minutes"},"schema":{"@context":"https:\/\/schema.org","@graph":[{"@type":"WebPage","@id":"https:\/\/katagprofession.com\/datenschutz\/","url":"https:\/\/katagprofession.com\/datenschutz\/","name":"Datenschutz - KATAGprofession","isPartOf":{"@id":"https:\/\/katagprofession.com\/#website"},"datePublished":"2019-07-22T13:56:30+00:00","dateModified":"2024-07-05T10:43:33+00:00","breadcrumb":{"@id":"https:\/\/katagprofession.com\/datenschutz\/#breadcrumb"},"inLanguage":"en-US","potentialAction":[{"@type":"ReadAction","target":["https:\/\/katagprofession.com\/datenschutz\/"]}]},{"@type":"BreadcrumbList","@id":"https:\/\/katagprofession.com\/datenschutz\/#breadcrumb","itemListElement":[{"@type":"ListItem","position":1,"name":"Startseite","item":"https:\/\/katagprofession.com\/"},{"@type":"ListItem","position":2,"name":"Datenschutz"}]},{"@type":"WebSite","@id":"https:\/\/katagprofession.com\/#website","url":"https:\/\/katagprofession.com\/","name":"KATAGprofession","description":"","potentialAction":[{"@type":"SearchAction","target":{"@type":"EntryPoint","urlTemplate":"https:\/\/katagprofession.com\/?s={search_term_string}"},"query-input":{"@type":"PropertyValueSpecification","valueRequired":true,"valueName":"search_term_string"}}],"inLanguage":"en-US"}]}},"_links":{"self":[{"href":"https:\/\/katagprofession.com\/en\/wp-json\/wp\/v2\/pages\/171","targetHints":{"allow":["GET"]}}],"collection":[{"href":"https:\/\/katagprofession.com\/en\/wp-json\/wp\/v2\/pages"}],"about":[{"href":"https:\/\/katagprofession.com\/en\/wp-json\/wp\/v2\/types\/page"}],"author":[{"embeddable":true,"href":"https:\/\/katagprofession.com\/en\/wp-json\/wp\/v2\/users\/1"}],"replies":[{"embeddable":true,"href":"https:\/\/katagprofession.com\/en\/wp-json\/wp\/v2\/comments?post=171"}],"version-history":[{"count":7,"href":"https:\/\/katagprofession.com\/en\/wp-json\/wp\/v2\/pages\/171\/revisions"}],"predecessor-version":[{"id":591,"href":"https:\/\/katagprofession.com\/en\/wp-json\/wp\/v2\/pages\/171\/revisions\/591"}],"wp:attachment":[{"href":"https:\/\/katagprofession.com\/en\/wp-json\/wp\/v2\/media?parent=171"}],"curies":[{"name":"wp","href":"https:\/\/api.w.org\/{rel}","templated":true}]}}